{"id":9839,"date":"2025-05-08T15:49:45","date_gmt":"2025-05-08T21:49:45","guid":{"rendered":"https:\/\/cedhchiapas.org\/cedh\/?page_id=9839"},"modified":"2025-05-08T16:28:46","modified_gmt":"2025-05-08T22:28:46","slug":"novedades","status":"publish","type":"page","link":"https:\/\/cedhchiapas.org\/cedh\/novedades\/","title":{"rendered":"Novedades"},"content":{"rendered":"\t\t<div data-elementor-type=\"wp-page\" data-elementor-id=\"9839\" class=\"elementor elementor-9839\">\n\t\t\t\t\t\t\t\t\t<section class=\"elementor-section elementor-top-section elementor-element elementor-element-7f42bdc elementor-section-boxed elementor-section-height-default elementor-section-height-default wpr-particle-no wpr-sticky-section-no wpr-column-slider-no wpr-equal-height-no\" data-id=\"7f42bdc\" data-element_type=\"section\">\n\t\t\t\t\t\t<div class=\"elementor-container elementor-column-gap-default\">\n\t\t\t\t\t<div class=\"elementor-column elementor-col-100 elementor-top-column elementor-element elementor-element-6ea4a1a\" data-id=\"6ea4a1a\" data-element_type=\"column\">\n\t\t\t<div class=\"elementor-widget-wrap elementor-element-populated\">\n\t\t\t\t\t\t\t\t<div class=\"elementor-element elementor-element-143b0ff wpr-grid-columns-3 wpr-grid-columns--tablet2 wpr-grid-columns--mobile1 wpr-grid-pagination-center wpr-item-styles-inner elementor-widget elementor-widget-wpr-grid\" data-id=\"143b0ff\" data-element_type=\"widget\" data-widget_type=\"wpr-grid.default\">\n\t\t\t\t<div class=\"elementor-widget-container\">\n\t\t\t<ul class=\"wpr-grid-filters elementor-clearfix wpr-grid-filters-sep-right\"><li class=\" wpr-pointer-none wpr-pointer-line-fx wpr-pointer-fx-none\"><span  data-filter=\"*\" class=\"wpr-grid-filters-item wpr-active-filter \">All Posts<\/span><em class=\"wpr-grid-filters-sep\"><\/em><\/li><li class=\" wpr-pointer-none wpr-pointer-line-fx wpr-pointer-fx-none\"><span   data-ajax-filter=[\"category\",\"novedades\"]  data-filter=\".category-novedades\">Novedades<\/span><em class=\"wpr-grid-filters-sep\"><\/em><\/li><\/ul><section class=\"wpr-grid elementor-clearfix\" data-settings=\"{&quot;layout&quot;:&quot;fitRows&quot;,&quot;stick_last_element_to_bottom&quot;:&quot;&quot;,&quot;columns_desktop&quot;:3,&quot;gutter_hr&quot;:15,&quot;gutter_hr_mobile&quot;:15,&quot;gutter_hr_mobile_extra&quot;:15,&quot;gutter_hr_tablet&quot;:15,&quot;gutter_hr_tablet_extra&quot;:15,&quot;gutter_hr_laptop&quot;:15,&quot;gutter_hr_widescreen&quot;:15,&quot;gutter_vr&quot;:15,&quot;gutter_vr_mobile&quot;:15,&quot;gutter_vr_mobile_extra&quot;:15,&quot;gutter_vr_tablet&quot;:15,&quot;gutter_vr_tablet_extra&quot;:15,&quot;gutter_vr_laptop&quot;:15,&quot;gutter_vr_widescreen&quot;:15,&quot;animation&quot;:&quot;default&quot;,&quot;animation_duration&quot;:0.299999999999999988897769753748434595763683319091796875,&quot;animation_delay&quot;:0.1000000000000000055511151231257827021181583404541015625,&quot;deeplinking&quot;:&quot;&quot;,&quot;filters_linkable&quot;:&quot;no&quot;,&quot;filters_default_filter&quot;:&quot;&quot;,&quot;filters_count&quot;:&quot;&quot;,&quot;filters_hide_empty&quot;:&quot;no&quot;,&quot;filters_animation&quot;:&quot;default&quot;,&quot;filters_animation_duration&quot;:0.299999999999999988897769753748434595763683319091796875,&quot;filters_animation_delay&quot;:0.1000000000000000055511151231257827021181583404541015625,&quot;pagination_type&quot;:&quot;load-more&quot;,&quot;pagination_max_pages&quot;:41,&quot;lightbox&quot;:{&quot;selector&quot;:&quot;.wpr-grid-image-wrap&quot;,&quot;iframeMaxWidth&quot;:&quot;60%&quot;,&quot;hash&quot;:false,&quot;autoplay&quot;:&quot;true&quot;,&quot;pause&quot;:5000,&quot;progressBar&quot;:&quot;true&quot;,&quot;counter&quot;:&quot;true&quot;,&quot;controls&quot;:&quot;true&quot;,&quot;getCaptionFromTitleOrAlt&quot;:&quot;true&quot;,&quot;thumbnail&quot;:&quot;&quot;,&quot;showThumbByDefault&quot;:&quot;&quot;,&quot;share&quot;:&quot;&quot;,&quot;zoom&quot;:&quot;true&quot;,&quot;fullScreen&quot;:&quot;true&quot;,&quot;download&quot;:&quot;true&quot;}}\" data-advanced-filters=\"no\"><article class=\"wpr-grid-item elementor-clearfix post-15876 post type-post status-publish format-standard has-post-thumbnail hentry category-difusion category-novedades\"><div class=\"wpr-grid-item-inner\"><div class=\"wpr-grid-media-wrap wpr-effect-size-medium \" data-overlay-link=\"yes\"><div class=\"wpr-grid-image-wrap\" data-src=\"https:\/\/cedhchiapas.org\/cedh\/wp-content\/uploads\/2026\/08\/borrayas-15.jpg\" data-img-on-hover=\"\"  data-src-secondary=\"\"><img decoding=\"async\" data-no-lazy=\"1\" src=\"https:\/\/cedhchiapas.org\/cedh\/wp-content\/uploads\/2026\/08\/borrayas-15.jpg\" alt=\"CEDH Chiapas fortalece lazos de cooperaci\u00f3n internacional con la embajada de Turqu\u00eda en M\u00e9xico\" class=\"wpr-anim-timing-ease-default\"><\/div><div class=\"wpr-grid-media-hover wpr-animation-wrap\"><div class=\"wpr-grid-media-hover-bg  wpr-overlay-fade-in wpr-anim-size-large wpr-anim-timing-ease-default wpr-anim-transparency\" data-url=\"https:\/\/cedhchiapas.org\/cedh\/cedh-chiapas-fortalece-lazos-de-cooperacion-internacional-con-la-embajada-de-turquia-en-mexico\/\"><\/div><\/div><\/div><div class=\"wpr-grid-item-below-content elementor-clearfix\"><h2 class=\"wpr-grid-item-title elementor-repeater-item-b6a8f64 wpr-grid-item-display-block wpr-grid-item-align-left wpr-pointer-none wpr-pointer-line-fx wpr-pointer-fx-fade\"><div class=\"inner-block\"><a target=\"_self\" href=\"https:\/\/cedhchiapas.org\/cedh\/cedh-chiapas-fortalece-lazos-de-cooperacion-internacional-con-la-embajada-de-turquia-en-mexico\/\">CEDH Chiapas fortalece lazos de cooperaci\u00f3n internacional con la embajada de Turqu\u00eda en M\u00e9xico<\/a><\/div><\/h2><div class=\"wpr-grid-item-date elementor-repeater-item-662c698 wpr-grid-item-display-inline wpr-grid-item-align-left\"><div class=\"inner-block\"><span>28\/08\/2026<span class=\"wpr-grid-extra-text-right\">\/<\/span><\/span><\/div><\/div><div class=\"wpr-grid-item-read-more elementor-repeater-item-6cbe5a5 wpr-grid-item-display-block wpr-grid-item-align-left\"><div class=\"inner-block\"><a target=\"_self\" href=\"https:\/\/cedhchiapas.org\/cedh\/cedh-chiapas-fortalece-lazos-de-cooperacion-internacional-con-la-embajada-de-turquia-en-mexico\/\" class=\"wpr-button-effect wpr-button-none\"><span>Leer m\u00e1s<\/span><\/a><\/div><\/div><\/div><\/div><\/article><article class=\"wpr-grid-item elementor-clearfix post-15872 post type-post status-publish format-standard has-post-thumbnail hentry category-difusion category-novedades\"><div class=\"wpr-grid-item-inner\"><div class=\"wpr-grid-media-wrap wpr-effect-size-medium \" data-overlay-link=\"yes\"><div class=\"wpr-grid-image-wrap\" data-src=\"https:\/\/cedhchiapas.org\/cedh\/wp-content\/uploads\/2026\/08\/borrayas-5-1.jpg\" data-img-on-hover=\"\"  data-src-secondary=\"\"><img decoding=\"async\" data-no-lazy=\"1\" src=\"https:\/\/cedhchiapas.org\/cedh\/wp-content\/uploads\/2026\/08\/borrayas-5-1.jpg\" alt=\"CEDH Chiapas fortalece v\u00ednculos de cooperaci\u00f3n internacional con la embajada de Espa\u00f1a en M\u00e9xico\" class=\"wpr-anim-timing-ease-default\"><\/div><div class=\"wpr-grid-media-hover wpr-animation-wrap\"><div class=\"wpr-grid-media-hover-bg  wpr-overlay-fade-in wpr-anim-size-large wpr-anim-timing-ease-default wpr-anim-transparency\" data-url=\"https:\/\/cedhchiapas.org\/cedh\/cedh-chiapas-fortalece-vinculos-de-cooperacion-internacional-con-la-embajada-de-espana-en-mexico\/\"><\/div><\/div><\/div><div class=\"wpr-grid-item-below-content elementor-clearfix\"><h2 class=\"wpr-grid-item-title elementor-repeater-item-b6a8f64 wpr-grid-item-display-block wpr-grid-item-align-left wpr-pointer-none wpr-pointer-line-fx wpr-pointer-fx-fade\"><div class=\"inner-block\"><a target=\"_self\" href=\"https:\/\/cedhchiapas.org\/cedh\/cedh-chiapas-fortalece-vinculos-de-cooperacion-internacional-con-la-embajada-de-espana-en-mexico\/\">CEDH Chiapas fortalece v\u00ednculos de cooperaci\u00f3n internacional con la embajada de Espa\u00f1a en M\u00e9xico<\/a><\/div><\/h2><div class=\"wpr-grid-item-date elementor-repeater-item-662c698 wpr-grid-item-display-inline wpr-grid-item-align-left\"><div class=\"inner-block\"><span>28\/08\/2026<span class=\"wpr-grid-extra-text-right\">\/<\/span><\/span><\/div><\/div><div class=\"wpr-grid-item-read-more elementor-repeater-item-6cbe5a5 wpr-grid-item-display-block wpr-grid-item-align-left\"><div class=\"inner-block\"><a target=\"_self\" href=\"https:\/\/cedhchiapas.org\/cedh\/cedh-chiapas-fortalece-vinculos-de-cooperacion-internacional-con-la-embajada-de-espana-en-mexico\/\" class=\"wpr-button-effect wpr-button-none\"><span>Leer m\u00e1s<\/span><\/a><\/div><\/div><\/div><\/div><\/article><article class=\"wpr-grid-item elementor-clearfix post-15870 post type-post status-publish format-standard has-post-thumbnail hentry category-difusion category-novedades\"><div class=\"wpr-grid-item-inner\"><div class=\"wpr-grid-media-wrap wpr-effect-size-medium \" data-overlay-link=\"yes\"><div class=\"wpr-grid-image-wrap\" data-src=\"https:\/\/cedhchiapas.org\/cedh\/wp-content\/uploads\/2026\/08\/borrayas-3.jpg\" data-img-on-hover=\"\"  data-src-secondary=\"\"><img decoding=\"async\" data-no-lazy=\"1\" src=\"https:\/\/cedhchiapas.org\/cedh\/wp-content\/uploads\/2026\/08\/borrayas-3.jpg\" alt=\"Screenshot\" class=\"wpr-anim-timing-ease-default\"><\/div><div class=\"wpr-grid-media-hover wpr-animation-wrap\"><div class=\"wpr-grid-media-hover-bg  wpr-overlay-fade-in wpr-anim-size-large wpr-anim-timing-ease-default wpr-anim-transparency\" data-url=\"https:\/\/cedhchiapas.org\/cedh\/cedh-chiapas-fortalece-la-cooperacion-internacional-con-la-embajada-de-canada-en-favor-de-los-derechos-humanos\/\"><\/div><\/div><\/div><div class=\"wpr-grid-item-below-content elementor-clearfix\"><h2 class=\"wpr-grid-item-title elementor-repeater-item-b6a8f64 wpr-grid-item-display-block wpr-grid-item-align-left wpr-pointer-none wpr-pointer-line-fx wpr-pointer-fx-fade\"><div class=\"inner-block\"><a target=\"_self\" href=\"https:\/\/cedhchiapas.org\/cedh\/cedh-chiapas-fortalece-la-cooperacion-internacional-con-la-embajada-de-canada-en-favor-de-los-derechos-humanos\/\">CEDH Chiapas fortalece la cooperaci\u00f3n internacional con la embajada de Canad\u00e1 en favor de los derechos humanos<\/a><\/div><\/h2><div class=\"wpr-grid-item-date elementor-repeater-item-662c698 wpr-grid-item-display-inline wpr-grid-item-align-left\"><div class=\"inner-block\"><span>27\/08\/2026<span class=\"wpr-grid-extra-text-right\">\/<\/span><\/span><\/div><\/div><div class=\"wpr-grid-item-read-more elementor-repeater-item-6cbe5a5 wpr-grid-item-display-block wpr-grid-item-align-left\"><div class=\"inner-block\"><a target=\"_self\" href=\"https:\/\/cedhchiapas.org\/cedh\/cedh-chiapas-fortalece-la-cooperacion-internacional-con-la-embajada-de-canada-en-favor-de-los-derechos-humanos\/\" class=\"wpr-button-effect wpr-button-none\"><span>Leer m\u00e1s<\/span><\/a><\/div><\/div><\/div><\/div><\/article><article class=\"wpr-grid-item elementor-clearfix post-15867 post type-post status-publish format-standard has-post-thumbnail hentry category-difusion category-novedades\"><div class=\"wpr-grid-item-inner\"><div class=\"wpr-grid-media-wrap wpr-effect-size-medium \" data-overlay-link=\"yes\"><div class=\"wpr-grid-image-wrap\" data-src=\"https:\/\/cedhchiapas.org\/cedh\/wp-content\/uploads\/2026\/08\/borrayas-4-1.jpg\" data-img-on-hover=\"\"  data-src-secondary=\"\"><img decoding=\"async\" data-no-lazy=\"1\" src=\"https:\/\/cedhchiapas.org\/cedh\/wp-content\/uploads\/2026\/08\/borrayas-4-1.jpg\" alt=\"CEDH Chiapas fortalece cooperaci\u00f3n internacional con la embajada de Finlandia en M\u00e9xico\" class=\"wpr-anim-timing-ease-default\"><\/div><div class=\"wpr-grid-media-hover wpr-animation-wrap\"><div class=\"wpr-grid-media-hover-bg  wpr-overlay-fade-in wpr-anim-size-large wpr-anim-timing-ease-default wpr-anim-transparency\" data-url=\"https:\/\/cedhchiapas.org\/cedh\/cedh-chiapas-fortalece-cooperacion-internacional-con-la-embajada-de-finlandia-en-mexico\/\"><\/div><\/div><\/div><div class=\"wpr-grid-item-below-content elementor-clearfix\"><h2 class=\"wpr-grid-item-title elementor-repeater-item-b6a8f64 wpr-grid-item-display-block wpr-grid-item-align-left wpr-pointer-none wpr-pointer-line-fx wpr-pointer-fx-fade\"><div class=\"inner-block\"><a target=\"_self\" href=\"https:\/\/cedhchiapas.org\/cedh\/cedh-chiapas-fortalece-cooperacion-internacional-con-la-embajada-de-finlandia-en-mexico\/\">CEDH Chiapas fortalece cooperaci\u00f3n internacional con la embajada de Finlandia en M\u00e9xico<\/a><\/div><\/h2><div class=\"wpr-grid-item-date elementor-repeater-item-662c698 wpr-grid-item-display-inline wpr-grid-item-align-left\"><div class=\"inner-block\"><span>27\/08\/2026<span class=\"wpr-grid-extra-text-right\">\/<\/span><\/span><\/div><\/div><div class=\"wpr-grid-item-read-more elementor-repeater-item-6cbe5a5 wpr-grid-item-display-block wpr-grid-item-align-left\"><div class=\"inner-block\"><a target=\"_self\" href=\"https:\/\/cedhchiapas.org\/cedh\/cedh-chiapas-fortalece-cooperacion-internacional-con-la-embajada-de-finlandia-en-mexico\/\" class=\"wpr-button-effect wpr-button-none\"><span>Leer m\u00e1s<\/span><\/a><\/div><\/div><\/div><\/div><\/article><article class=\"wpr-grid-item elementor-clearfix post-15821 post type-post status-publish format-standard has-post-thumbnail hentry category-difusion category-novedades\"><div class=\"wpr-grid-item-inner\"><div class=\"wpr-grid-media-wrap wpr-effect-size-medium \" data-overlay-link=\"yes\"><div class=\"wpr-grid-image-wrap\" data-src=\"https:\/\/cedhchiapas.org\/cedh\/wp-content\/uploads\/2026\/08\/borrayas-2.jpg\" data-img-on-hover=\"\"  data-src-secondary=\"\"><img decoding=\"async\" data-no-lazy=\"1\" src=\"https:\/\/cedhchiapas.org\/cedh\/wp-content\/uploads\/2026\/08\/borrayas-2.jpg\" alt=\"CEDH Chiapas y CONECULTA fortalecen la colaboraci\u00f3n interinstitucional\" class=\"wpr-anim-timing-ease-default\"><\/div><div class=\"wpr-grid-media-hover wpr-animation-wrap\"><div class=\"wpr-grid-media-hover-bg  wpr-overlay-fade-in wpr-anim-size-large wpr-anim-timing-ease-default wpr-anim-transparency\" data-url=\"https:\/\/cedhchiapas.org\/cedh\/cedh-chiapas-y-coneculta-fortalecen-la-colaboracion-interinstitucional\/\"><\/div><\/div><\/div><div class=\"wpr-grid-item-below-content elementor-clearfix\"><h2 class=\"wpr-grid-item-title elementor-repeater-item-b6a8f64 wpr-grid-item-display-block wpr-grid-item-align-left wpr-pointer-none wpr-pointer-line-fx wpr-pointer-fx-fade\"><div class=\"inner-block\"><a target=\"_self\" href=\"https:\/\/cedhchiapas.org\/cedh\/cedh-chiapas-y-coneculta-fortalecen-la-colaboracion-interinstitucional\/\">CEDH Chiapas y CONECULTA fortalecen la colaboraci\u00f3n interinstitucional<\/a><\/div><\/h2><div class=\"wpr-grid-item-date elementor-repeater-item-662c698 wpr-grid-item-display-inline wpr-grid-item-align-left\"><div class=\"inner-block\"><span>24\/08\/2026<span class=\"wpr-grid-extra-text-right\">\/<\/span><\/span><\/div><\/div><div class=\"wpr-grid-item-read-more elementor-repeater-item-6cbe5a5 wpr-grid-item-display-block wpr-grid-item-align-left\"><div class=\"inner-block\"><a target=\"_self\" href=\"https:\/\/cedhchiapas.org\/cedh\/cedh-chiapas-y-coneculta-fortalecen-la-colaboracion-interinstitucional\/\" class=\"wpr-button-effect wpr-button-none\"><span>Leer m\u00e1s<\/span><\/a><\/div><\/div><\/div><\/div><\/article><article class=\"wpr-grid-item elementor-clearfix post-15818 post type-post status-publish format-standard has-post-thumbnail hentry category-difusion category-novedades\"><div class=\"wpr-grid-item-inner\"><div class=\"wpr-grid-media-wrap wpr-effect-size-medium \" data-overlay-link=\"yes\"><div class=\"wpr-grid-image-wrap\" data-src=\"https:\/\/cedhchiapas.org\/cedh\/wp-content\/uploads\/2026\/08\/borrayas.jpg\" data-img-on-hover=\"\"  data-src-secondary=\"\"><img decoding=\"async\" data-no-lazy=\"1\" src=\"https:\/\/cedhchiapas.org\/cedh\/wp-content\/uploads\/2026\/08\/borrayas.jpg\" alt=\"CEDH Chiapas firma recomendaci\u00f3n por caso de desaparici\u00f3n en Comit\u00e1n\" class=\"wpr-anim-timing-ease-default\"><\/div><div class=\"wpr-grid-media-hover wpr-animation-wrap\"><div class=\"wpr-grid-media-hover-bg  wpr-overlay-fade-in wpr-anim-size-large wpr-anim-timing-ease-default wpr-anim-transparency\" data-url=\"https:\/\/cedhchiapas.org\/cedh\/cedh-chiapas-firma-recomendacion-por-caso-de-desaparicion-en-comitan\/\"><\/div><\/div><\/div><div class=\"wpr-grid-item-below-content elementor-clearfix\"><h2 class=\"wpr-grid-item-title elementor-repeater-item-b6a8f64 wpr-grid-item-display-block wpr-grid-item-align-left wpr-pointer-none wpr-pointer-line-fx wpr-pointer-fx-fade\"><div class=\"inner-block\"><a target=\"_self\" href=\"https:\/\/cedhchiapas.org\/cedh\/cedh-chiapas-firma-recomendacion-por-caso-de-desaparicion-en-comitan\/\">CEDH Chiapas firma recomendaci\u00f3n por caso de desaparici\u00f3n en Comit\u00e1n<\/a><\/div><\/h2><div class=\"wpr-grid-item-date elementor-repeater-item-662c698 wpr-grid-item-display-inline wpr-grid-item-align-left\"><div class=\"inner-block\"><span>24\/08\/2026<span class=\"wpr-grid-extra-text-right\">\/<\/span><\/span><\/div><\/div><div class=\"wpr-grid-item-read-more elementor-repeater-item-6cbe5a5 wpr-grid-item-display-block wpr-grid-item-align-left\"><div class=\"inner-block\"><a target=\"_self\" href=\"https:\/\/cedhchiapas.org\/cedh\/cedh-chiapas-firma-recomendacion-por-caso-de-desaparicion-en-comitan\/\" class=\"wpr-button-effect wpr-button-none\"><span>Leer m\u00e1s<\/span><\/a><\/div><\/div><\/div><\/div><\/article><article class=\"wpr-grid-item elementor-clearfix post-15767 post type-post status-publish format-standard has-post-thumbnail hentry category-difusion category-novedades\"><div class=\"wpr-grid-item-inner\"><div class=\"wpr-grid-media-wrap wpr-effect-size-medium \" data-overlay-link=\"yes\"><div class=\"wpr-grid-image-wrap\" data-src=\"https:\/\/cedhchiapas.org\/cedh\/wp-content\/uploads\/2026\/08\/CEDH.jpg\" data-img-on-hover=\"\"  data-src-secondary=\"\"><img decoding=\"async\" data-no-lazy=\"1\" src=\"https:\/\/cedhchiapas.org\/cedh\/wp-content\/uploads\/2026\/08\/CEDH.jpg\" alt=\"CEDH Chiapas celebra primer aniversario en sus nuevas oficinas de la Torre Chiapas\" class=\"wpr-anim-timing-ease-default\"><\/div><div class=\"wpr-grid-media-hover wpr-animation-wrap\"><div class=\"wpr-grid-media-hover-bg  wpr-overlay-fade-in wpr-anim-size-large wpr-anim-timing-ease-default wpr-anim-transparency\" data-url=\"https:\/\/cedhchiapas.org\/cedh\/cedh-chiapas-celebra-primer-aniversario-en-sus-nuevas-oficinas-de-la-torre-chiapas\/\"><\/div><\/div><\/div><div class=\"wpr-grid-item-below-content elementor-clearfix\"><h2 class=\"wpr-grid-item-title elementor-repeater-item-b6a8f64 wpr-grid-item-display-block wpr-grid-item-align-left wpr-pointer-none wpr-pointer-line-fx wpr-pointer-fx-fade\"><div class=\"inner-block\"><a target=\"_self\" href=\"https:\/\/cedhchiapas.org\/cedh\/cedh-chiapas-celebra-primer-aniversario-en-sus-nuevas-oficinas-de-la-torre-chiapas\/\">CEDH Chiapas celebra primer aniversario en sus nuevas oficinas de la Torre Chiapas<\/a><\/div><\/h2><div class=\"wpr-grid-item-date elementor-repeater-item-662c698 wpr-grid-item-display-inline wpr-grid-item-align-left\"><div class=\"inner-block\"><span>21\/08\/2026<span class=\"wpr-grid-extra-text-right\">\/<\/span><\/span><\/div><\/div><div class=\"wpr-grid-item-read-more elementor-repeater-item-6cbe5a5 wpr-grid-item-display-block wpr-grid-item-align-left\"><div class=\"inner-block\"><a target=\"_self\" href=\"https:\/\/cedhchiapas.org\/cedh\/cedh-chiapas-celebra-primer-aniversario-en-sus-nuevas-oficinas-de-la-torre-chiapas\/\" class=\"wpr-button-effect wpr-button-none\"><span>Leer m\u00e1s<\/span><\/a><\/div><\/div><\/div><\/div><\/article><article class=\"wpr-grid-item elementor-clearfix post-15759 post type-post status-publish format-standard has-post-thumbnail hentry category-difusion category-novedades\"><div class=\"wpr-grid-item-inner\"><div class=\"wpr-grid-media-wrap wpr-effect-size-medium \" data-overlay-link=\"yes\"><div class=\"wpr-grid-image-wrap\" data-src=\"https:\/\/cedhchiapas.org\/cedh\/wp-content\/uploads\/2026\/08\/WhatsApp-Image-2026-08-20-at-18.46.04.jpeg\" data-img-on-hover=\"\"  data-src-secondary=\"\"><img decoding=\"async\" data-no-lazy=\"1\" src=\"https:\/\/cedhchiapas.org\/cedh\/wp-content\/uploads\/2026\/08\/WhatsApp-Image-2026-08-20-at-18.46.04.jpeg\" alt=\"Horacio Culebro impulsa el di\u00e1logo para una soluci\u00f3n pac\u00edfica en Gustavo D\u00edaz Ordaz, Cintalapa\" class=\"wpr-anim-timing-ease-default\"><\/div><div class=\"wpr-grid-media-hover wpr-animation-wrap\"><div class=\"wpr-grid-media-hover-bg  wpr-overlay-fade-in wpr-anim-size-large wpr-anim-timing-ease-default wpr-anim-transparency\" data-url=\"https:\/\/cedhchiapas.org\/cedh\/horacio-culebro-impulsa-el-dialogo-para-una-solucion-pacifica-en-gustavo-diaz-ordaz-cintalapa\/\"><\/div><\/div><\/div><div class=\"wpr-grid-item-below-content elementor-clearfix\"><h2 class=\"wpr-grid-item-title elementor-repeater-item-b6a8f64 wpr-grid-item-display-block wpr-grid-item-align-left wpr-pointer-none wpr-pointer-line-fx wpr-pointer-fx-fade\"><div class=\"inner-block\"><a target=\"_self\" href=\"https:\/\/cedhchiapas.org\/cedh\/horacio-culebro-impulsa-el-dialogo-para-una-solucion-pacifica-en-gustavo-diaz-ordaz-cintalapa\/\">Horacio Culebro impulsa el di\u00e1logo para una soluci\u00f3n pac\u00edfica en Gustavo D\u00edaz Ordaz, Cintalapa<\/a><\/div><\/h2><div class=\"wpr-grid-item-date elementor-repeater-item-662c698 wpr-grid-item-display-inline wpr-grid-item-align-left\"><div class=\"inner-block\"><span>20\/08\/2026<span class=\"wpr-grid-extra-text-right\">\/<\/span><\/span><\/div><\/div><div class=\"wpr-grid-item-read-more elementor-repeater-item-6cbe5a5 wpr-grid-item-display-block wpr-grid-item-align-left\"><div class=\"inner-block\"><a target=\"_self\" href=\"https:\/\/cedhchiapas.org\/cedh\/horacio-culebro-impulsa-el-dialogo-para-una-solucion-pacifica-en-gustavo-diaz-ordaz-cintalapa\/\" class=\"wpr-button-effect wpr-button-none\"><span>Leer m\u00e1s<\/span><\/a><\/div><\/div><\/div><\/div><\/article><article class=\"wpr-grid-item elementor-clearfix post-15746 post type-post status-publish format-standard has-post-thumbnail hentry category-difusion category-novedades\"><div class=\"wpr-grid-item-inner\"><div class=\"wpr-grid-media-wrap wpr-effect-size-medium \" data-overlay-link=\"yes\"><div class=\"wpr-grid-image-wrap\" data-src=\"https:\/\/cedhchiapas.org\/cedh\/wp-content\/uploads\/2026\/08\/BORRAYAS-4.jpg\" data-img-on-hover=\"\"  data-src-secondary=\"\"><img decoding=\"async\" data-no-lazy=\"1\" src=\"https:\/\/cedhchiapas.org\/cedh\/wp-content\/uploads\/2026\/08\/BORRAYAS-4.jpg\" alt=\"El Mtro. Horacio Culebro Borrayas, presidente de la CEDH Chiapas, asistio al Informe Anual de la Mtra. Maria Dolores Gonzales Saravia Calderon, presidente de la comision de derechos humanos de la CDMX\" class=\"wpr-anim-timing-ease-default\"><\/div><div class=\"wpr-grid-media-hover wpr-animation-wrap\"><div class=\"wpr-grid-media-hover-bg  wpr-overlay-fade-in wpr-anim-size-large wpr-anim-timing-ease-default wpr-anim-transparency\" data-url=\"https:\/\/cedhchiapas.org\/cedh\/el-presidente-de-la-comision-estatal-de-los-derechos-humanos-cedh-horacio-culebro-borrayas-fortalece-vinculos-institucionales-en-favor-de-los-derechos-humanos\/\"><\/div><\/div><\/div><div class=\"wpr-grid-item-below-content elementor-clearfix\"><h2 class=\"wpr-grid-item-title elementor-repeater-item-b6a8f64 wpr-grid-item-display-block wpr-grid-item-align-left wpr-pointer-none wpr-pointer-line-fx wpr-pointer-fx-fade\"><div class=\"inner-block\"><a target=\"_self\" href=\"https:\/\/cedhchiapas.org\/cedh\/el-presidente-de-la-comision-estatal-de-los-derechos-humanos-cedh-horacio-culebro-borrayas-fortalece-vinculos-institucionales-en-favor-de-los-derechos-humanos\/\">El Mtro. Horacio Culebro Borrayas, presidente de la CEDH Chiapas, asistio al Informe Anual de la Mtra. Maria Dolores Gonzales&hellip;<\/a><\/div><\/h2><div class=\"wpr-grid-item-date elementor-repeater-item-662c698 wpr-grid-item-display-inline wpr-grid-item-align-left\"><div class=\"inner-block\"><span>18\/08\/2026<span class=\"wpr-grid-extra-text-right\">\/<\/span><\/span><\/div><\/div><div class=\"wpr-grid-item-read-more elementor-repeater-item-6cbe5a5 wpr-grid-item-display-block wpr-grid-item-align-left\"><div class=\"inner-block\"><a target=\"_self\" href=\"https:\/\/cedhchiapas.org\/cedh\/el-presidente-de-la-comision-estatal-de-los-derechos-humanos-cedh-horacio-culebro-borrayas-fortalece-vinculos-institucionales-en-favor-de-los-derechos-humanos\/\" class=\"wpr-button-effect wpr-button-none\"><span>Leer m\u00e1s<\/span><\/a><\/div><\/div><\/div><\/div><\/article><article class=\"wpr-grid-item elementor-clearfix post-15740 post type-post status-publish format-standard has-post-thumbnail hentry category-difusion category-novedades\"><div class=\"wpr-grid-item-inner\"><div class=\"wpr-grid-media-wrap wpr-effect-size-medium \" data-overlay-link=\"yes\"><div class=\"wpr-grid-image-wrap\" data-src=\"https:\/\/cedhchiapas.org\/cedh\/wp-content\/uploads\/2026\/08\/PRESIDENTE.-CHIMALAPAS.jpg\" data-img-on-hover=\"\"  data-src-secondary=\"\"><img decoding=\"async\" data-no-lazy=\"1\" src=\"https:\/\/cedhchiapas.org\/cedh\/wp-content\/uploads\/2026\/08\/PRESIDENTE.-CHIMALAPAS.jpg\" alt=\"CEDH CHIAPAS FORTALECE PRESENCIA TERRITORIAL Y ESCUCHA LAS DEMANDAS DEL EJIDO GUSTAVO DIAZ ORDAZ\" class=\"wpr-anim-timing-ease-default\"><\/div><div class=\"wpr-grid-media-hover wpr-animation-wrap\"><div class=\"wpr-grid-media-hover-bg  wpr-overlay-fade-in wpr-anim-size-large wpr-anim-timing-ease-default wpr-anim-transparency\" data-url=\"https:\/\/cedhchiapas.org\/cedh\/ante-la-situacion-que-enfrenta-el-ejido-gustavo-diaz-ordaz-cuyos-habitantes-han-manifestado-su-preocupacion-por-la-seguridad-la-certeza-sobre-sus-tierras-y-la-permanencia-en-su-territorio-el-presid\/\"><\/div><\/div><\/div><div class=\"wpr-grid-item-below-content elementor-clearfix\"><h2 class=\"wpr-grid-item-title elementor-repeater-item-b6a8f64 wpr-grid-item-display-block wpr-grid-item-align-left wpr-pointer-none wpr-pointer-line-fx wpr-pointer-fx-fade\"><div class=\"inner-block\"><a target=\"_self\" href=\"https:\/\/cedhchiapas.org\/cedh\/ante-la-situacion-que-enfrenta-el-ejido-gustavo-diaz-ordaz-cuyos-habitantes-han-manifestado-su-preocupacion-por-la-seguridad-la-certeza-sobre-sus-tierras-y-la-permanencia-en-su-territorio-el-presid\/\">CEDH CHIAPAS FORTALECE PRESENCIA TERRITORIAL Y ESCUCHA LAS DEMANDAS DEL EJIDO GUSTAVO DIAZ ORDAZ<\/a><\/div><\/h2><div class=\"wpr-grid-item-date elementor-repeater-item-662c698 wpr-grid-item-display-inline wpr-grid-item-align-left\"><div class=\"inner-block\"><span>18\/08\/2026<span class=\"wpr-grid-extra-text-right\">\/<\/span><\/span><\/div><\/div><div class=\"wpr-grid-item-read-more elementor-repeater-item-6cbe5a5 wpr-grid-item-display-block wpr-grid-item-align-left\"><div class=\"inner-block\"><a target=\"_self\" href=\"https:\/\/cedhchiapas.org\/cedh\/ante-la-situacion-que-enfrenta-el-ejido-gustavo-diaz-ordaz-cuyos-habitantes-han-manifestado-su-preocupacion-por-la-seguridad-la-certeza-sobre-sus-tierras-y-la-permanencia-en-su-territorio-el-presid\/\" class=\"wpr-button-effect wpr-button-none\"><span>Leer m\u00e1s<\/span><\/a><\/div><\/div><\/div><\/div><\/article><article class=\"wpr-grid-item elementor-clearfix post-15687 post type-post status-publish format-standard has-post-thumbnail hentry category-difusion category-novedades\"><div class=\"wpr-grid-item-inner\"><div class=\"wpr-grid-media-wrap wpr-effect-size-medium \" data-overlay-link=\"yes\"><div class=\"wpr-grid-image-wrap\" data-src=\"https:\/\/cedhchiapas.org\/cedh\/wp-content\/uploads\/2026\/08\/772899230_1030049659918638_247348589311357867_n.jpg\" data-img-on-hover=\"\"  data-src-secondary=\"\"><img decoding=\"async\" data-no-lazy=\"1\" src=\"https:\/\/cedhchiapas.org\/cedh\/wp-content\/uploads\/2026\/08\/772899230_1030049659918638_247348589311357867_n.jpg\" alt=\"El Mtro. Horacio Culebro Borrayas, presidente de la Comisi\u00f3n Estatal de los Derechos Humanos de Chiapas (CEDH Chiapas), sostuvo una reuni\u00f3n con los administradores de la p\u00e1gina de noticias \u201cPortal Revoluci\u00f3n\u201d\" class=\"wpr-anim-timing-ease-default\"><\/div><div class=\"wpr-grid-media-hover wpr-animation-wrap\"><div class=\"wpr-grid-media-hover-bg  wpr-overlay-fade-in wpr-anim-size-large wpr-anim-timing-ease-default wpr-anim-transparency\" data-url=\"https:\/\/cedhchiapas.org\/cedh\/el-mtro-horacio-culebro-borrayas-presidente-de-la-comision-estatal-de-los-derechos-humanos-de-chiapas-cedh-chiapas-sostuvo-una-reunion-con-los-administradores-de-la-pagina-de-noticias-po\/\"><\/div><\/div><\/div><div class=\"wpr-grid-item-below-content elementor-clearfix\"><h2 class=\"wpr-grid-item-title elementor-repeater-item-b6a8f64 wpr-grid-item-display-block wpr-grid-item-align-left wpr-pointer-none wpr-pointer-line-fx wpr-pointer-fx-fade\"><div class=\"inner-block\"><a target=\"_self\" href=\"https:\/\/cedhchiapas.org\/cedh\/el-mtro-horacio-culebro-borrayas-presidente-de-la-comision-estatal-de-los-derechos-humanos-de-chiapas-cedh-chiapas-sostuvo-una-reunion-con-los-administradores-de-la-pagina-de-noticias-po\/\">El Mtro. Horacio Culebro Borrayas, presidente de la Comisi\u00f3n Estatal de los Derechos Humanos de Chiapas (CEDH Chiapas), sostuvo una&hellip;<\/a><\/div><\/h2><div class=\"wpr-grid-item-date elementor-repeater-item-662c698 wpr-grid-item-display-inline wpr-grid-item-align-left\"><div class=\"inner-block\"><span>13\/08\/2026<span class=\"wpr-grid-extra-text-right\">\/<\/span><\/span><\/div><\/div><div class=\"wpr-grid-item-read-more elementor-repeater-item-6cbe5a5 wpr-grid-item-display-block wpr-grid-item-align-left\"><div class=\"inner-block\"><a target=\"_self\" href=\"https:\/\/cedhchiapas.org\/cedh\/el-mtro-horacio-culebro-borrayas-presidente-de-la-comision-estatal-de-los-derechos-humanos-de-chiapas-cedh-chiapas-sostuvo-una-reunion-con-los-administradores-de-la-pagina-de-noticias-po\/\" class=\"wpr-button-effect wpr-button-none\"><span>Leer m\u00e1s<\/span><\/a><\/div><\/div><\/div><\/div><\/article><article class=\"wpr-grid-item elementor-clearfix post-15676 post type-post status-publish format-standard has-post-thumbnail hentry category-difusion category-novedades\"><div class=\"wpr-grid-item-inner\"><div class=\"wpr-grid-media-wrap wpr-effect-size-medium \" data-overlay-link=\"yes\"><div class=\"wpr-grid-image-wrap\" data-src=\"https:\/\/cedhchiapas.org\/cedh\/wp-content\/uploads\/2026\/08\/772889372_1369790244634529_4649460116356897076_n.jpg\" data-img-on-hover=\"\"  data-src-secondary=\"\"><img decoding=\"async\" data-no-lazy=\"1\" src=\"https:\/\/cedhchiapas.org\/cedh\/wp-content\/uploads\/2026\/08\/772889372_1369790244634529_4649460116356897076_n.jpg\" alt=\"El Mtro. Horacio Culebro Borrayas, presidente de la CEDH Chiapas, sostuvo una reuni\u00f3n de trabajo con el General de Brigada de Estado Mayor Antonio Ram\u00edrez Escobedo, comandante interino de la VII Regi\u00f3n Militar\" class=\"wpr-anim-timing-ease-default\"><\/div><div class=\"wpr-grid-media-hover wpr-animation-wrap\"><div class=\"wpr-grid-media-hover-bg  wpr-overlay-fade-in wpr-anim-size-large wpr-anim-timing-ease-default wpr-anim-transparency\" data-url=\"https:\/\/cedhchiapas.org\/cedh\/el-mtro-horacio-culebro-borrayas-presidente-de-la-cedh-chiapas-sostuvo-una-reunion-de-trabajo-con-el-general-de-brigada-de-estado-mayor-antonio-ramirez-escobedo-comandante-interino-de-la-vii-regio\/\"><\/div><\/div><\/div><div class=\"wpr-grid-item-below-content elementor-clearfix\"><h2 class=\"wpr-grid-item-title elementor-repeater-item-b6a8f64 wpr-grid-item-display-block wpr-grid-item-align-left wpr-pointer-none wpr-pointer-line-fx wpr-pointer-fx-fade\"><div class=\"inner-block\"><a target=\"_self\" href=\"https:\/\/cedhchiapas.org\/cedh\/el-mtro-horacio-culebro-borrayas-presidente-de-la-cedh-chiapas-sostuvo-una-reunion-de-trabajo-con-el-general-de-brigada-de-estado-mayor-antonio-ramirez-escobedo-comandante-interino-de-la-vii-regio\/\">El Mtro. Horacio Culebro Borrayas, presidente de la CEDH Chiapas, sostuvo una reuni\u00f3n de trabajo con el General de Brigada&hellip;<\/a><\/div><\/h2><div class=\"wpr-grid-item-date elementor-repeater-item-662c698 wpr-grid-item-display-inline wpr-grid-item-align-left\"><div class=\"inner-block\"><span>12\/08\/2026<span class=\"wpr-grid-extra-text-right\">\/<\/span><\/span><\/div><\/div><div class=\"wpr-grid-item-read-more elementor-repeater-item-6cbe5a5 wpr-grid-item-display-block wpr-grid-item-align-left\"><div class=\"inner-block\"><a target=\"_self\" href=\"https:\/\/cedhchiapas.org\/cedh\/el-mtro-horacio-culebro-borrayas-presidente-de-la-cedh-chiapas-sostuvo-una-reunion-de-trabajo-con-el-general-de-brigada-de-estado-mayor-antonio-ramirez-escobedo-comandante-interino-de-la-vii-regio\/\" class=\"wpr-button-effect wpr-button-none\"><span>Leer m\u00e1s<\/span><\/a><\/div><\/div><\/div><\/div><\/article><\/section><div class=\"wpr-grid-pagination elementor-clearfix wpr-grid-pagination-load-more\" data-pages=\"41\"><a href=\"https:\/\/cedhchiapas.org\/cedh\/wp-json\/wp\/v2\/pages\/9839\/page\/2\/\" class=\"wpr-load-more-btn\" data-e-disable-page-transition >Ver m\u00e1s<\/a><div class=\"wpr-pagination-loading\"><div class=\"wpr-double-bounce\"><div class=\"wpr-child wpr-double-bounce1\"><\/div><div class=\"wpr-child wpr-double-bounce2\"><\/div><\/div><\/div><p class=\"wpr-pagination-finish\">Fin de contenido<\/p><\/div>\t\t<\/div>\n\t\t\t\t<\/div>\n\t\t\t\t\t<\/div>\n\t\t<\/div>\n\t\t\t\t\t\t\t<\/div>\n\t\t<\/section>\n\t\t\t\t\t\t\t<\/div>\n\t\t","protected":false},"excerpt":{"rendered":"<p>El Mtro. Horacio Culebro Borrayas, presidente de la Comisi\u00f3n Estatal de los Derechos Humanos de Chiapas (CEDH Chiapas), sostuvo una reuni\u00f3n de trabajo con el General de Brigada de Estado<\/p>\n","protected":false},"author":2,"featured_media":9718,"parent":0,"menu_order":0,"comment_status":"closed","ping_status":"closed","template":"","meta":{"footnotes":""},"jetpack_sharing_enabled":true,"_links":{"self":[{"href":"https:\/\/cedhchiapas.org\/cedh\/wp-json\/wp\/v2\/pages\/9839"}],"collection":[{"href":"https:\/\/cedhchiapas.org\/cedh\/wp-json\/wp\/v2\/pages"}],"about":[{"href":"https:\/\/cedhchiapas.org\/cedh\/wp-json\/wp\/v2\/types\/page"}],"author":[{"embeddable":true,"href":"https:\/\/cedhchiapas.org\/cedh\/wp-json\/wp\/v2\/users\/2"}],"replies":[{"embeddable":true,"href":"https:\/\/cedhchiapas.org\/cedh\/wp-json\/wp\/v2\/comments?post=9839"}],"version-history":[{"count":4,"href":"https:\/\/cedhchiapas.org\/cedh\/wp-json\/wp\/v2\/pages\/9839\/revisions"}],"predecessor-version":[{"id":9844,"href":"https:\/\/cedhchiapas.org\/cedh\/wp-json\/wp\/v2\/pages\/9839\/revisions\/9844"}],"wp:featuredmedia":[{"embeddable":true,"href":"https:\/\/cedhchiapas.org\/cedh\/wp-json\/wp\/v2\/media\/9718"}],"wp:attachment":[{"href":"https:\/\/cedhchiapas.org\/cedh\/wp-json\/wp\/v2\/media?parent=9839"}],"curies":[{"name":"wp","href":"https:\/\/api.w.org\/{rel}","templated":true}]}}